{"id":852,"date":"2015-08-19T16:57:52","date_gmt":"2015-08-19T15:57:52","guid":{"rendered":"http:\/\/www.sanktjohanser.eu\/?page_id=852"},"modified":"2015-08-19T17:00:30","modified_gmt":"2015-08-19T16:00:30","slug":"projects","status":"publish","type":"page","link":"https:\/\/www.sanktjohanser.net\/en\/projects\/","title":{"rendered":"projects"},"content":{"rendered":"<div class='portfolio_outer'><div class='portfolio_holder portfolio_holder_v3'><article class='element z-projects '><div class='article_inner'><div class='image'><img loading=\"lazy\" decoding=\"async\" width=\"2560\" height=\"1706\" src=\"https:\/\/www.sanktjohanser.net\/wp-content\/files\/firmensitz-vorwerk\/SJR-vorwerk_03-scaled.jpg\" class=\"attachment-post-thumbnail size-post-thumbnail wp-post-image\" alt=\"\" srcset=\"https:\/\/www.sanktjohanser.net\/wp-content\/files\/firmensitz-vorwerk\/SJR-vorwerk_03-scaled.jpg 2560w, https:\/\/www.sanktjohanser.net\/wp-content\/files\/firmensitz-vorwerk\/SJR-vorwerk_03-300x200.jpg 300w, https:\/\/www.sanktjohanser.net\/wp-content\/files\/firmensitz-vorwerk\/SJR-vorwerk_03-1024x682.jpg 1024w, https:\/\/www.sanktjohanser.net\/wp-content\/files\/firmensitz-vorwerk\/SJR-vorwerk_03-768x512.jpg 768w, https:\/\/www.sanktjohanser.net\/wp-content\/files\/firmensitz-vorwerk\/SJR-vorwerk_03-1536x1023.jpg 1536w, https:\/\/www.sanktjohanser.net\/wp-content\/files\/firmensitz-vorwerk\/SJR-vorwerk_03-2048x1364.jpg 2048w\" sizes=\"auto, (max-width: 2560px) 100vw, 2560px\" \/><\/div><h5><a href='https:\/\/www.sanktjohanser.net\/en\/products\/vorwerk-headquarters\/' class='more'>vorwerk headquarters<\/a><\/h5><hr\/><p>vorwerk headquarters, wollerau (sz), switzerland, 2019.<\/p><a class=\"view button tiny\" href=\"https:\/\/www.sanktjohanser.net\/en\/products\/vorwerk-headquarters\/\">View<\/a><a href='https:\/\/www.sanktjohanser.net\/en\/products\/vorwerk-headquarters\/' class='fake_link'>&nbsp;<\/a><\/div><div class='separator'><\/div><\/article><article class='element z-projects '><div class='article_inner'><div class='image'><img loading=\"lazy\" decoding=\"async\" width=\"2560\" height=\"1706\" src=\"https:\/\/www.sanktjohanser.net\/wp-content\/files\/walserhaus-vrin\/SJR-vrin-haus_06-1-scaled.jpg\" class=\"attachment-post-thumbnail size-post-thumbnail wp-post-image\" alt=\"\" srcset=\"https:\/\/www.sanktjohanser.net\/wp-content\/files\/walserhaus-vrin\/SJR-vrin-haus_06-1-scaled.jpg 2560w, https:\/\/www.sanktjohanser.net\/wp-content\/files\/walserhaus-vrin\/SJR-vrin-haus_06-1-300x200.jpg 300w, https:\/\/www.sanktjohanser.net\/wp-content\/files\/walserhaus-vrin\/SJR-vrin-haus_06-1-1024x682.jpg 1024w, https:\/\/www.sanktjohanser.net\/wp-content\/files\/walserhaus-vrin\/SJR-vrin-haus_06-1-768x512.jpg 768w, https:\/\/www.sanktjohanser.net\/wp-content\/files\/walserhaus-vrin\/SJR-vrin-haus_06-1-1536x1023.jpg 1536w, https:\/\/www.sanktjohanser.net\/wp-content\/files\/walserhaus-vrin\/SJR-vrin-haus_06-1-2048x1364.jpg 2048w\" sizes=\"auto, (max-width: 2560px) 100vw, 2560px\" \/><\/div><h5><a href='https:\/\/www.sanktjohanser.net\/en\/products\/walserhaus-vrin\/' class='more'>walserhaus vrin<\/a><\/h5><hr\/><p>walserhaus vrin (gr) switzerland, 2022\/25.<\/p><a class=\"view button tiny\" href=\"https:\/\/www.sanktjohanser.net\/en\/products\/walserhaus-vrin\/\">View<\/a><a href='https:\/\/www.sanktjohanser.net\/en\/products\/walserhaus-vrin\/' class='fake_link'>&nbsp;<\/a><\/div><div class='separator'><\/div><\/article><article class='element z-projects '><div class='article_inner'><div class='image'><img loading=\"lazy\" decoding=\"async\" width=\"2560\" height=\"1705\" src=\"https:\/\/www.sanktjohanser.net\/wp-content\/files\/firmensitz-rotkreuz\/SJR-rotkreuz_03-scaled.jpg\" class=\"attachment-post-thumbnail size-post-thumbnail wp-post-image\" alt=\"\" srcset=\"https:\/\/www.sanktjohanser.net\/wp-content\/files\/firmensitz-rotkreuz\/SJR-rotkreuz_03-scaled.jpg 2560w, https:\/\/www.sanktjohanser.net\/wp-content\/files\/firmensitz-rotkreuz\/SJR-rotkreuz_03-300x200.jpg 300w, https:\/\/www.sanktjohanser.net\/wp-content\/files\/firmensitz-rotkreuz\/SJR-rotkreuz_03-1024x682.jpg 1024w, https:\/\/www.sanktjohanser.net\/wp-content\/files\/firmensitz-rotkreuz\/SJR-rotkreuz_03-768x511.jpg 768w, https:\/\/www.sanktjohanser.net\/wp-content\/files\/firmensitz-rotkreuz\/SJR-rotkreuz_03-1536x1023.jpg 1536w, https:\/\/www.sanktjohanser.net\/wp-content\/files\/firmensitz-rotkreuz\/SJR-rotkreuz_03-2048x1364.jpg 2048w\" sizes=\"auto, (max-width: 2560px) 100vw, 2560px\" \/><\/div><h5><a href='https:\/\/www.sanktjohanser.net\/en\/products\/company-headquarters-rotkreuz\/' class='more'>company headquarters rotkreuz<\/a><\/h5><hr\/><p>company headquarters, rotkreuz (sz), switzerland, 2021.<\/p><a class=\"view button tiny\" href=\"https:\/\/www.sanktjohanser.net\/en\/products\/company-headquarters-rotkreuz\/\">View<\/a><a href='https:\/\/www.sanktjohanser.net\/en\/products\/company-headquarters-rotkreuz\/' class='fake_link'>&nbsp;<\/a><\/div><div class='separator'><\/div><\/article><article class='element z-projects '><div class='article_inner'><div class='image'><img loading=\"lazy\" decoding=\"async\" width=\"2560\" height=\"1707\" src=\"https:\/\/www.sanktjohanser.net\/wp-content\/files\/raeume-kunst\/SJR-raeume-kunst_02-scaled.jpg\" class=\"attachment-post-thumbnail size-post-thumbnail wp-post-image\" alt=\"\" srcset=\"https:\/\/www.sanktjohanser.net\/wp-content\/files\/raeume-kunst\/SJR-raeume-kunst_02-scaled.jpg 2560w, https:\/\/www.sanktjohanser.net\/wp-content\/files\/raeume-kunst\/SJR-raeume-kunst_02-300x200.jpg 300w, https:\/\/www.sanktjohanser.net\/wp-content\/files\/raeume-kunst\/SJR-raeume-kunst_02-1024x683.jpg 1024w, https:\/\/www.sanktjohanser.net\/wp-content\/files\/raeume-kunst\/SJR-raeume-kunst_02-768x512.jpg 768w, https:\/\/www.sanktjohanser.net\/wp-content\/files\/raeume-kunst\/SJR-raeume-kunst_02-1536x1024.jpg 1536w, https:\/\/www.sanktjohanser.net\/wp-content\/files\/raeume-kunst\/SJR-raeume-kunst_02-2048x1366.jpg 2048w\" sizes=\"auto, (max-width: 2560px) 100vw, 2560px\" \/><\/div><h5><a href='https:\/\/www.sanktjohanser.net\/en\/products\/rooms-for-an-art-collector\/' class='more'>rooms for an art collector<\/a><\/h5><hr\/><p>rooms for an art collector, munich, germany, 2020.<\/p><a class=\"view button tiny\" href=\"https:\/\/www.sanktjohanser.net\/en\/products\/rooms-for-an-art-collector\/\">View<\/a><a href='https:\/\/www.sanktjohanser.net\/en\/products\/rooms-for-an-art-collector\/' class='fake_link'>&nbsp;<\/a><\/div><div class='separator'><\/div><\/article><article class='element z-projects '><div class='article_inner'><div class='image'><img loading=\"lazy\" decoding=\"async\" width=\"2560\" height=\"1707\" src=\"https:\/\/www.sanktjohanser.net\/wp-content\/files\/firmensitz-pfaeffikon\/SJR-pfaeffikon_01-scaled.jpg\" class=\"attachment-post-thumbnail size-post-thumbnail wp-post-image\" alt=\"\" srcset=\"https:\/\/www.sanktjohanser.net\/wp-content\/files\/firmensitz-pfaeffikon\/SJR-pfaeffikon_01-scaled.jpg 2560w, https:\/\/www.sanktjohanser.net\/wp-content\/files\/firmensitz-pfaeffikon\/SJR-pfaeffikon_01-300x200.jpg 300w, https:\/\/www.sanktjohanser.net\/wp-content\/files\/firmensitz-pfaeffikon\/SJR-pfaeffikon_01-1024x683.jpg 1024w, https:\/\/www.sanktjohanser.net\/wp-content\/files\/firmensitz-pfaeffikon\/SJR-pfaeffikon_01-768x512.jpg 768w, https:\/\/www.sanktjohanser.net\/wp-content\/files\/firmensitz-pfaeffikon\/SJR-pfaeffikon_01-1536x1024.jpg 1536w, https:\/\/www.sanktjohanser.net\/wp-content\/files\/firmensitz-pfaeffikon\/SJR-pfaeffikon_01-2048x1366.jpg 2048w\" sizes=\"auto, (max-width: 2560px) 100vw, 2560px\" \/><\/div><h5><a href='https:\/\/www.sanktjohanser.net\/en\/products\/company-headquarters-pfaeffikon\/' class='more'>company headquarters pf\u00e4ffikon<\/a><\/h5><hr\/><p>company headquarters pf\u00e4ffikon (sz), switzerland, 2022.<\/p><a class=\"view button tiny\" href=\"https:\/\/www.sanktjohanser.net\/en\/products\/company-headquarters-pfaeffikon\/\">View<\/a><a href='https:\/\/www.sanktjohanser.net\/en\/products\/company-headquarters-pfaeffikon\/' class='fake_link'>&nbsp;<\/a><\/div><div class='separator'><\/div><\/article><article class='element z-projects '><div class='article_inner'><div class='image'><img loading=\"lazy\" decoding=\"async\" width=\"2560\" height=\"1707\" src=\"https:\/\/www.sanktjohanser.net\/wp-content\/files\/privatwohnung-chur\/SJR-wohnung-chur_02-scaled.jpg\" class=\"attachment-post-thumbnail size-post-thumbnail wp-post-image\" alt=\"\" srcset=\"https:\/\/www.sanktjohanser.net\/wp-content\/files\/privatwohnung-chur\/SJR-wohnung-chur_02-scaled.jpg 2560w, https:\/\/www.sanktjohanser.net\/wp-content\/files\/privatwohnung-chur\/SJR-wohnung-chur_02-300x200.jpg 300w, https:\/\/www.sanktjohanser.net\/wp-content\/files\/privatwohnung-chur\/SJR-wohnung-chur_02-1024x683.jpg 1024w, https:\/\/www.sanktjohanser.net\/wp-content\/files\/privatwohnung-chur\/SJR-wohnung-chur_02-768x512.jpg 768w, https:\/\/www.sanktjohanser.net\/wp-content\/files\/privatwohnung-chur\/SJR-wohnung-chur_02-1536x1024.jpg 1536w, https:\/\/www.sanktjohanser.net\/wp-content\/files\/privatwohnung-chur\/SJR-wohnung-chur_02-2048x1366.jpg 2048w\" sizes=\"auto, (max-width: 2560px) 100vw, 2560px\" \/><\/div><h5><a href='https:\/\/www.sanktjohanser.net\/en\/products\/private-apartment-chur\/' class='more'>private apartment chur<\/a><\/h5><hr\/><p>private apartment chur (gr), switzerland, 2020.<\/p><a class=\"view button tiny\" href=\"https:\/\/www.sanktjohanser.net\/en\/products\/private-apartment-chur\/\">View<\/a><a href='https:\/\/www.sanktjohanser.net\/en\/products\/private-apartment-chur\/' class='fake_link'>&nbsp;<\/a><\/div><div class='separator'><\/div><\/article><article class='element z-projects '><div class='article_inner'><div class='image'><img loading=\"lazy\" decoding=\"async\" width=\"2560\" height=\"1707\" src=\"https:\/\/www.sanktjohanser.net\/wp-content\/files\/fhnw\/SJR-fhnw_01-scaled.jpg\" class=\"attachment-post-thumbnail size-post-thumbnail wp-post-image\" alt=\"\" srcset=\"https:\/\/www.sanktjohanser.net\/wp-content\/files\/fhnw\/SJR-fhnw_01-scaled.jpg 2560w, https:\/\/www.sanktjohanser.net\/wp-content\/files\/fhnw\/SJR-fhnw_01-300x200.jpg 300w, https:\/\/www.sanktjohanser.net\/wp-content\/files\/fhnw\/SJR-fhnw_01-1024x683.jpg 1024w, https:\/\/www.sanktjohanser.net\/wp-content\/files\/fhnw\/SJR-fhnw_01-768x512.jpg 768w, https:\/\/www.sanktjohanser.net\/wp-content\/files\/fhnw\/SJR-fhnw_01-1536x1024.jpg 1536w, https:\/\/www.sanktjohanser.net\/wp-content\/files\/fhnw\/SJR-fhnw_01-2048x1366.jpg 2048w\" sizes=\"auto, (max-width: 2560px) 100vw, 2560px\" \/><\/div><h5><a href='https:\/\/www.sanktjohanser.net\/en\/products\/university-of-applied-sciences-northwestern-switzerland\/' class='more'>university of applied sciences northwestern switzerland<\/a><\/h5><hr\/><p>university of applied sciences northwestern switzerland, muttenz (bl), switzerland, 2018.<\/p><a class=\"view button tiny\" href=\"https:\/\/www.sanktjohanser.net\/en\/products\/university-of-applied-sciences-northwestern-switzerland\/\">View<\/a><a href='https:\/\/www.sanktjohanser.net\/en\/products\/university-of-applied-sciences-northwestern-switzerland\/' class='fake_link'>&nbsp;<\/a><\/div><div class='separator'><\/div><\/article><article class='element z-projects '><div class='article_inner'><div class='image'><img loading=\"lazy\" decoding=\"async\" width=\"2560\" height=\"1706\" src=\"https:\/\/www.sanktjohanser.net\/wp-content\/files\/suchtfachklinik-zuerich\/SJR-sfkz_03-scaled.jpg\" class=\"attachment-post-thumbnail size-post-thumbnail wp-post-image\" alt=\"\" srcset=\"https:\/\/www.sanktjohanser.net\/wp-content\/files\/suchtfachklinik-zuerich\/SJR-sfkz_03-scaled.jpg 2560w, https:\/\/www.sanktjohanser.net\/wp-content\/files\/suchtfachklinik-zuerich\/SJR-sfkz_03-300x200.jpg 300w, https:\/\/www.sanktjohanser.net\/wp-content\/files\/suchtfachklinik-zuerich\/SJR-sfkz_03-1024x682.jpg 1024w, https:\/\/www.sanktjohanser.net\/wp-content\/files\/suchtfachklinik-zuerich\/SJR-sfkz_03-768x512.jpg 768w, https:\/\/www.sanktjohanser.net\/wp-content\/files\/suchtfachklinik-zuerich\/SJR-sfkz_03-1536x1023.jpg 1536w, https:\/\/www.sanktjohanser.net\/wp-content\/files\/suchtfachklinik-zuerich\/SJR-sfkz_03-2048x1364.jpg 2048w\" sizes=\"auto, (max-width: 2560px) 100vw, 2560px\" \/><\/div><h5><a href='https:\/\/www.sanktjohanser.net\/en\/products\/addiction-clinic-zurich\/' class='more'>addiction clinic zurich<\/a><\/h5><hr\/><p>addiction clinic zurich, switzerland, 2019.<\/p><a class=\"view button tiny\" href=\"https:\/\/www.sanktjohanser.net\/en\/products\/addiction-clinic-zurich\/\">View<\/a><a href='https:\/\/www.sanktjohanser.net\/en\/products\/addiction-clinic-zurich\/' class='fake_link'>&nbsp;<\/a><\/div><div class='separator'><\/div><\/article><article class='element z-projects '><div class='article_inner'><div class='image'><img loading=\"lazy\" decoding=\"async\" width=\"2560\" height=\"1707\" src=\"https:\/\/www.sanktjohanser.net\/wp-content\/files\/privathaus-eurasburg\/SJR-orth_021-2-scaled.jpg\" class=\"attachment-post-thumbnail size-post-thumbnail wp-post-image\" alt=\"\" srcset=\"https:\/\/www.sanktjohanser.net\/wp-content\/files\/privathaus-eurasburg\/SJR-orth_021-2-scaled.jpg 2560w, https:\/\/www.sanktjohanser.net\/wp-content\/files\/privathaus-eurasburg\/SJR-orth_021-2-300x200.jpg 300w, https:\/\/www.sanktjohanser.net\/wp-content\/files\/privathaus-eurasburg\/SJR-orth_021-2-1024x683.jpg 1024w, https:\/\/www.sanktjohanser.net\/wp-content\/files\/privathaus-eurasburg\/SJR-orth_021-2-768x512.jpg 768w, https:\/\/www.sanktjohanser.net\/wp-content\/files\/privathaus-eurasburg\/SJR-orth_021-2-1536x1024.jpg 1536w, https:\/\/www.sanktjohanser.net\/wp-content\/files\/privathaus-eurasburg\/SJR-orth_021-2-2048x1366.jpg 2048w\" sizes=\"auto, (max-width: 2560px) 100vw, 2560px\" \/><\/div><h5><a href='https:\/\/www.sanktjohanser.net\/en\/products\/private-house-eurasburg\/' class='more'>private house eurasburg<\/a><\/h5><hr\/><p>private house eurasburg, germany, 2020.<\/p><a class=\"view button tiny\" href=\"https:\/\/www.sanktjohanser.net\/en\/products\/private-house-eurasburg\/\">View<\/a><a href='https:\/\/www.sanktjohanser.net\/en\/products\/private-house-eurasburg\/' class='fake_link'>&nbsp;<\/a><\/div><div class='separator'><\/div><\/article><article class='element z-projects '><div class='article_inner'><div class='image'><img loading=\"lazy\" decoding=\"async\" width=\"2560\" height=\"1707\" src=\"https:\/\/www.sanktjohanser.net\/wp-content\/files\/haus-uffing\/SJR-A15_03-scaled.jpg\" class=\"attachment-post-thumbnail size-post-thumbnail wp-post-image\" alt=\"\" srcset=\"https:\/\/www.sanktjohanser.net\/wp-content\/files\/haus-uffing\/SJR-A15_03-scaled.jpg 2560w, https:\/\/www.sanktjohanser.net\/wp-content\/files\/haus-uffing\/SJR-A15_03-300x200.jpg 300w, https:\/\/www.sanktjohanser.net\/wp-content\/files\/haus-uffing\/SJR-A15_03-1024x683.jpg 1024w, https:\/\/www.sanktjohanser.net\/wp-content\/files\/haus-uffing\/SJR-A15_03-768x512.jpg 768w, https:\/\/www.sanktjohanser.net\/wp-content\/files\/haus-uffing\/SJR-A15_03-1536x1024.jpg 1536w, https:\/\/www.sanktjohanser.net\/wp-content\/files\/haus-uffing\/SJR-A15_03-2048x1366.jpg 2048w\" sizes=\"auto, (max-width: 2560px) 100vw, 2560px\" \/><\/div><h5><a href='https:\/\/www.sanktjohanser.net\/en\/products\/house-uffing\/' class='more'>house uffing<\/a><\/h5><hr\/><p>house uffing, germany, 2022.<\/p><a class=\"view button tiny\" href=\"https:\/\/www.sanktjohanser.net\/en\/products\/house-uffing\/\">View<\/a><a href='https:\/\/www.sanktjohanser.net\/en\/products\/house-uffing\/' class='fake_link'>&nbsp;<\/a><\/div><div class='separator'><\/div><\/article><article class='element z-projects '><div class='article_inner'><div class='image'><img loading=\"lazy\" decoding=\"async\" width=\"2560\" height=\"1706\" src=\"https:\/\/www.sanktjohanser.net\/wp-content\/files\/stallumbau-vrin\/SJR-vrin-stall_10-scaled.jpg\" class=\"attachment-post-thumbnail size-post-thumbnail wp-post-image\" alt=\"\" srcset=\"https:\/\/www.sanktjohanser.net\/wp-content\/files\/stallumbau-vrin\/SJR-vrin-stall_10-scaled.jpg 2560w, https:\/\/www.sanktjohanser.net\/wp-content\/files\/stallumbau-vrin\/SJR-vrin-stall_10-300x200.jpg 300w, https:\/\/www.sanktjohanser.net\/wp-content\/files\/stallumbau-vrin\/SJR-vrin-stall_10-1024x682.jpg 1024w, https:\/\/www.sanktjohanser.net\/wp-content\/files\/stallumbau-vrin\/SJR-vrin-stall_10-768x512.jpg 768w, https:\/\/www.sanktjohanser.net\/wp-content\/files\/stallumbau-vrin\/SJR-vrin-stall_10-1536x1023.jpg 1536w, https:\/\/www.sanktjohanser.net\/wp-content\/files\/stallumbau-vrin\/SJR-vrin-stall_10-2048x1364.jpg 2048w\" sizes=\"auto, (max-width: 2560px) 100vw, 2560px\" \/><\/div><h5><a href='https:\/\/www.sanktjohanser.net\/en\/products\/barn-conversion-vrin\/' class='more'>barn conversion vrin<\/a><\/h5><hr\/><p>barn conversion vrin (gr), switzerland. 2022. <\/p><a class=\"view button tiny\" href=\"https:\/\/www.sanktjohanser.net\/en\/products\/barn-conversion-vrin\/\">View<\/a><a href='https:\/\/www.sanktjohanser.net\/en\/products\/barn-conversion-vrin\/' class='fake_link'>&nbsp;<\/a><\/div><div class='separator'><\/div><\/article><article class='element z-projects '><div class='article_inner'><div class='image'><img loading=\"lazy\" decoding=\"async\" width=\"620\" height=\"413\" src=\"https:\/\/www.sanktjohanser.net\/wp-content\/files\/schmid\/schmid.jpg\" class=\"attachment-post-thumbnail size-post-thumbnail wp-post-image\" alt=\"\" srcset=\"https:\/\/www.sanktjohanser.net\/wp-content\/files\/schmid\/schmid.jpg 620w, https:\/\/www.sanktjohanser.net\/wp-content\/files\/schmid\/schmid-300x200.jpg 300w\" sizes=\"auto, (max-width: 620px) 100vw, 620px\" \/><\/div><h5><a href='https:\/\/www.sanktjohanser.net\/en\/products\/privathaus-celerina\/' class='more'>private house celerina<\/a><\/h5><hr\/><p>analog, sideboard; multiplex black, compact material.  \r\ndasregal, shelf; multiplex black.  \r\nwith abitare, chur.<\/p><a class=\"view button tiny\" href=\"https:\/\/www.sanktjohanser.net\/en\/products\/privathaus-celerina\/\">View<\/a><a href='https:\/\/www.sanktjohanser.net\/en\/products\/privathaus-celerina\/' class='fake_link'>&nbsp;<\/a><\/div><div class='separator'><\/div><\/article><article class='element z-projects '><div class='article_inner'><div class='image'><img loading=\"lazy\" decoding=\"async\" width=\"2560\" height=\"1706\" src=\"https:\/\/www.sanktjohanser.net\/wp-content\/files\/betriebsresturant-hamilton\/SJR-hamilton_01-scaled.jpg\" class=\"attachment-post-thumbnail size-post-thumbnail wp-post-image\" alt=\"\" srcset=\"https:\/\/www.sanktjohanser.net\/wp-content\/files\/betriebsresturant-hamilton\/SJR-hamilton_01-scaled.jpg 2560w, https:\/\/www.sanktjohanser.net\/wp-content\/files\/betriebsresturant-hamilton\/SJR-hamilton_01-300x200.jpg 300w, https:\/\/www.sanktjohanser.net\/wp-content\/files\/betriebsresturant-hamilton\/SJR-hamilton_01-1024x682.jpg 1024w, https:\/\/www.sanktjohanser.net\/wp-content\/files\/betriebsresturant-hamilton\/SJR-hamilton_01-768x512.jpg 768w, https:\/\/www.sanktjohanser.net\/wp-content\/files\/betriebsresturant-hamilton\/SJR-hamilton_01-1536x1024.jpg 1536w, https:\/\/www.sanktjohanser.net\/wp-content\/files\/betriebsresturant-hamilton\/SJR-hamilton_01-2048x1365.jpg 2048w\" sizes=\"auto, (max-width: 2560px) 100vw, 2560px\" \/><\/div><h5><a href='https:\/\/www.sanktjohanser.net\/en\/products\/company-restaurant-hamilton\/' class='more'>company restaurant hamilton<\/a><\/h5><hr\/><p>company restaurant hamilton, bonaduz(gr), switzerland, 2020.<\/p><a class=\"view button tiny\" href=\"https:\/\/www.sanktjohanser.net\/en\/products\/company-restaurant-hamilton\/\">View<\/a><a href='https:\/\/www.sanktjohanser.net\/en\/products\/company-restaurant-hamilton\/' class='fake_link'>&nbsp;<\/a><\/div><div class='separator'><\/div><\/article><article class='element z-projects '><div class='article_inner'><div class='image'><img loading=\"lazy\" decoding=\"async\" width=\"2560\" height=\"1706\" src=\"https:\/\/www.sanktjohanser.net\/wp-content\/files\/archaeopark-vogelherd\/SJR-archaeopark_03-scaled.jpg\" class=\"attachment-post-thumbnail size-post-thumbnail wp-post-image\" alt=\"\" srcset=\"https:\/\/www.sanktjohanser.net\/wp-content\/files\/archaeopark-vogelherd\/SJR-archaeopark_03-scaled.jpg 2560w, https:\/\/www.sanktjohanser.net\/wp-content\/files\/archaeopark-vogelherd\/SJR-archaeopark_03-300x200.jpg 300w, https:\/\/www.sanktjohanser.net\/wp-content\/files\/archaeopark-vogelherd\/SJR-archaeopark_03-1024x682.jpg 1024w, https:\/\/www.sanktjohanser.net\/wp-content\/files\/archaeopark-vogelherd\/SJR-archaeopark_03-768x512.jpg 768w, https:\/\/www.sanktjohanser.net\/wp-content\/files\/archaeopark-vogelherd\/SJR-archaeopark_03-1536x1023.jpg 1536w, https:\/\/www.sanktjohanser.net\/wp-content\/files\/archaeopark-vogelherd\/SJR-archaeopark_03-2048x1364.jpg 2048w\" sizes=\"auto, (max-width: 2560px) 100vw, 2560px\" \/><\/div><h5><a href='https:\/\/www.sanktjohanser.net\/en\/products\/vogelherd-archaeopark\/' class='more'>vogelherd archaeopark<\/a><\/h5><hr\/><p>vogelherd archaeopark, niederstotzingen, germany, 2013.<\/p><a class=\"view button tiny\" href=\"https:\/\/www.sanktjohanser.net\/en\/products\/vogelherd-archaeopark\/\">View<\/a><a href='https:\/\/www.sanktjohanser.net\/en\/products\/vogelherd-archaeopark\/' class='fake_link'>&nbsp;<\/a><\/div><div class='separator'><\/div><\/article><article class='element z-projects '><div class='article_inner'><div class='image'><img loading=\"lazy\" decoding=\"async\" width=\"620\" height=\"413\" src=\"https:\/\/www.sanktjohanser.net\/wp-content\/files\/davaz\/davaz.jpg\" class=\"attachment-post-thumbnail size-post-thumbnail wp-post-image\" alt=\"\" srcset=\"https:\/\/www.sanktjohanser.net\/wp-content\/files\/davaz\/davaz.jpg 620w, https:\/\/www.sanktjohanser.net\/wp-content\/files\/davaz\/davaz-300x200.jpg 300w\" sizes=\"auto, (max-width: 620px) 100vw, 620px\" \/><\/div><h5><a href='https:\/\/www.sanktjohanser.net\/en\/products\/davaz\/' class='more'>wine-growing estate davaz<\/a><\/h5><hr\/><p>dinavier, table; oak. \r\nanalog, shelf; oak, hpl. \r\nwith abitare, chur.<\/p><a class=\"view button tiny\" href=\"https:\/\/www.sanktjohanser.net\/en\/products\/davaz\/\">View<\/a><a href='https:\/\/www.sanktjohanser.net\/en\/products\/davaz\/' class='fake_link'>&nbsp;<\/a><\/div><div class='separator'><\/div><\/article><article class='element z-projects '><div class='article_inner'><div class='image'><img loading=\"lazy\" decoding=\"async\" width=\"620\" height=\"413\" src=\"https:\/\/www.sanktjohanser.net\/wp-content\/files\/eos-gmbh-1\/eos_1.jpg\" class=\"attachment-post-thumbnail size-post-thumbnail wp-post-image\" alt=\"\" srcset=\"https:\/\/www.sanktjohanser.net\/wp-content\/files\/eos-gmbh-1\/eos_1.jpg 620w, https:\/\/www.sanktjohanser.net\/wp-content\/files\/eos-gmbh-1\/eos_1-300x200.jpg 300w\" sizes=\"auto, (max-width: 620px) 100vw, 620px\" \/><\/div><h5><a href='https:\/\/www.sanktjohanser.net\/en\/products\/eos-gmbh-1\/' class='more'>eos gmbh<\/a><\/h5><hr\/><p>analog, highboard; mdf oak, hpl. \r\nfoto: mario gastinger.<\/p><a class=\"view button tiny\" href=\"https:\/\/www.sanktjohanser.net\/en\/products\/eos-gmbh-1\/\">View<\/a><a href='https:\/\/www.sanktjohanser.net\/en\/products\/eos-gmbh-1\/' class='fake_link'>&nbsp;<\/a><\/div><div class='separator'><\/div><\/article><article class='element z-projects '><div class='article_inner'><div class='image'><img loading=\"lazy\" decoding=\"async\" width=\"620\" height=\"413\" src=\"https:\/\/www.sanktjohanser.net\/wp-content\/files\/roche\/roche.jpg\" class=\"attachment-post-thumbnail size-post-thumbnail wp-post-image\" alt=\"\" srcset=\"https:\/\/www.sanktjohanser.net\/wp-content\/files\/roche\/roche.jpg 620w, https:\/\/www.sanktjohanser.net\/wp-content\/files\/roche\/roche-300x200.jpg 300w\" sizes=\"auto, (max-width: 620px) 100vw, 620px\" \/><\/div><h5><a href='https:\/\/www.sanktjohanser.net\/en\/products\/roche\/' class='more'>roche<\/a><\/h5><hr\/><p><\/p><a class=\"view button tiny\" href=\"https:\/\/www.sanktjohanser.net\/en\/products\/roche\/\">View<\/a><a href='https:\/\/www.sanktjohanser.net\/en\/products\/roche\/' class='fake_link'>&nbsp;<\/a><\/div><div class='separator'><\/div><\/article><article class='element z-projects '><div class='article_inner'><div class='image'><img loading=\"lazy\" decoding=\"async\" width=\"620\" height=\"413\" src=\"https:\/\/www.sanktjohanser.net\/wp-content\/files\/privathaus-uffing\/uffing.jpg\" class=\"attachment-post-thumbnail size-post-thumbnail wp-post-image\" alt=\"\" srcset=\"https:\/\/www.sanktjohanser.net\/wp-content\/files\/privathaus-uffing\/uffing.jpg 620w, https:\/\/www.sanktjohanser.net\/wp-content\/files\/privathaus-uffing\/uffing-300x200.jpg 300w\" sizes=\"auto, (max-width: 620px) 100vw, 620px\" \/><\/div><h5><a href='https:\/\/www.sanktjohanser.net\/en\/products\/privathaus-uffing\/' class='more'>privathaus uffing<\/a><\/h5><hr\/><p>areal, tisch, eiche geseift. \r\nformat, bank; ahorn geseift. \r\nk\u00fcche; ahorn, kompaktwerkstoff.<\/p><a class=\"view button tiny\" href=\"https:\/\/www.sanktjohanser.net\/en\/products\/privathaus-uffing\/\">View<\/a><a href='https:\/\/www.sanktjohanser.net\/en\/products\/privathaus-uffing\/' class='fake_link'>&nbsp;<\/a><\/div><div class='separator'><\/div><\/article><article class='element z-projects '><div class='article_inner'><div class='image'><img loading=\"lazy\" decoding=\"async\" width=\"620\" height=\"413\" src=\"https:\/\/www.sanktjohanser.net\/wp-content\/files\/eos-gmbh\/eos_2.jpg\" class=\"attachment-post-thumbnail size-post-thumbnail wp-post-image\" alt=\"\" srcset=\"https:\/\/www.sanktjohanser.net\/wp-content\/files\/eos-gmbh\/eos_2.jpg 620w, https:\/\/www.sanktjohanser.net\/wp-content\/files\/eos-gmbh\/eos_2-300x200.jpg 300w\" sizes=\"auto, (max-width: 620px) 100vw, 620px\" \/><\/div><h5><a href='https:\/\/www.sanktjohanser.net\/en\/products\/eos-gmbh\/' class='more'>eos gmbh, krailling<\/a><\/h5><hr\/><p>hochbau: bogevischs buero. \r\ninnenarchitektur: sanktjohanser. \r\nfoto: michael heinrich.<\/p><a class=\"view button tiny\" href=\"https:\/\/www.sanktjohanser.net\/en\/products\/eos-gmbh\/\">View<\/a><a href='https:\/\/www.sanktjohanser.net\/en\/products\/eos-gmbh\/' class='fake_link'>&nbsp;<\/a><\/div><div class='separator'><\/div><\/article><article class='element z-projects '><div class='article_inner'><div class='image'><img loading=\"lazy\" decoding=\"async\" width=\"620\" height=\"413\" src=\"https:\/\/www.sanktjohanser.net\/wp-content\/files\/pfarrhaus-ampfing\/ampfing.jpg\" class=\"attachment-post-thumbnail size-post-thumbnail wp-post-image\" alt=\"\" srcset=\"https:\/\/www.sanktjohanser.net\/wp-content\/files\/pfarrhaus-ampfing\/ampfing.jpg 620w, https:\/\/www.sanktjohanser.net\/wp-content\/files\/pfarrhaus-ampfing\/ampfing-300x200.jpg 300w\" sizes=\"auto, (max-width: 620px) 100vw, 620px\" \/><\/div><h5><a href='https:\/\/www.sanktjohanser.net\/en\/products\/pfarrhaus-ampfing\/' class='more'>pfarrhaus ampfing<\/a><\/h5><hr\/><p>din36, tisch, eiche ge\u00f6lt.\r\narchitektur: deppisch architekten\r\nfoto: sebastian schels<\/p><a class=\"view button tiny\" href=\"https:\/\/www.sanktjohanser.net\/en\/products\/pfarrhaus-ampfing\/\">View<\/a><a href='https:\/\/www.sanktjohanser.net\/en\/products\/pfarrhaus-ampfing\/' class='fake_link'>&nbsp;<\/a><\/div><div class='separator'><\/div><\/article><article class='element z-projects '><div class='article_inner'><div class='image'><img loading=\"lazy\" decoding=\"async\" width=\"2560\" height=\"1706\" src=\"https:\/\/www.sanktjohanser.net\/wp-content\/files\/zuerich\/SJR-zuerich_01-2-scaled.jpg\" class=\"attachment-post-thumbnail size-post-thumbnail wp-post-image\" alt=\"\" srcset=\"https:\/\/www.sanktjohanser.net\/wp-content\/files\/zuerich\/SJR-zuerich_01-2-scaled.jpg 2560w, https:\/\/www.sanktjohanser.net\/wp-content\/files\/zuerich\/SJR-zuerich_01-2-300x200.jpg 300w, https:\/\/www.sanktjohanser.net\/wp-content\/files\/zuerich\/SJR-zuerich_01-2-1024x682.jpg 1024w, https:\/\/www.sanktjohanser.net\/wp-content\/files\/zuerich\/SJR-zuerich_01-2-768x512.jpg 768w, https:\/\/www.sanktjohanser.net\/wp-content\/files\/zuerich\/SJR-zuerich_01-2-1536x1023.jpg 1536w, https:\/\/www.sanktjohanser.net\/wp-content\/files\/zuerich\/SJR-zuerich_01-2-2048x1364.jpg 2048w\" sizes=\"auto, (max-width: 2560px) 100vw, 2560px\" \/><\/div><h5><a href='https:\/\/www.sanktjohanser.net\/en\/products\/wallisellen\/' class='more'>b\u00fcrofl\u00e4che, wallisellen<\/a><\/h5><hr\/><p>b\u00fcrofl\u00e4che, wallisellen (zh), schweiz, 2007. umbau eines gewerbegeb\u00e4udes zu b\u00fcror\u00e4umen. der rhythmus des bestehenden st\u00fctzenrasters gibt bei der neuen nutzung den takt vor. so entstehen eine \u00fcberzeugende und klare gliederung der arbeitspl\u00e4tze und attraktive bereiche f\u00fcr k\u00fcche und konferenzzone. die hellen oberfl\u00e4chen der bausubstanz und der warme nussbaum der m\u00f6blierung bestimmen die r\u00e4ume. innenarchitektur: simona barborak, marthalen. produkte: analog<\/p><a class=\"view button tiny\" href=\"https:\/\/www.sanktjohanser.net\/en\/products\/wallisellen\/\">View<\/a><a href='https:\/\/www.sanktjohanser.net\/en\/products\/wallisellen\/' class='fake_link'>&nbsp;<\/a><\/div><div class='separator'><\/div><\/article><article class='element z-projects '><div class='article_inner'><div class='image'><img loading=\"lazy\" decoding=\"async\" width=\"620\" height=\"413\" src=\"https:\/\/www.sanktjohanser.net\/wp-content\/files\/mumok\/mumok.jpg\" class=\"attachment-post-thumbnail size-post-thumbnail wp-post-image\" alt=\"\" srcset=\"https:\/\/www.sanktjohanser.net\/wp-content\/files\/mumok\/mumok.jpg 620w, https:\/\/www.sanktjohanser.net\/wp-content\/files\/mumok\/mumok-300x200.jpg 300w\" sizes=\"auto, (max-width: 620px) 100vw, 620px\" \/><\/div><h5><a href='https:\/\/www.sanktjohanser.net\/en\/products\/mumok\/' class='more'>mumok<\/a><\/h5><hr\/><p><\/p><a class=\"view button tiny\" href=\"https:\/\/www.sanktjohanser.net\/en\/products\/mumok\/\">View<\/a><a href='https:\/\/www.sanktjohanser.net\/en\/products\/mumok\/' class='fake_link'>&nbsp;<\/a><\/div><div class='separator'><\/div><\/article><article class='element z-projects '><div class='article_inner'><div class='image'><img loading=\"lazy\" decoding=\"async\" width=\"620\" height=\"413\" src=\"https:\/\/www.sanktjohanser.net\/wp-content\/files\/socialbox\/socialbox.jpg\" class=\"attachment-post-thumbnail size-post-thumbnail wp-post-image\" alt=\"\" srcset=\"https:\/\/www.sanktjohanser.net\/wp-content\/files\/socialbox\/socialbox.jpg 620w, https:\/\/www.sanktjohanser.net\/wp-content\/files\/socialbox\/socialbox-300x200.jpg 300w\" sizes=\"auto, (max-width: 620px) 100vw, 620px\" \/><\/div><h5><a href='https:\/\/www.sanktjohanser.net\/en\/products\/socialbox\/' class='more'>socialbox<\/a><\/h5><hr\/><p>universalm\u00f6bel. regalturm auf rollen, \r\nstehpult, sekret\u00e4r und sitzm\u00f6bel.\r\naluminium\/mdf.<\/p><a class=\"view button tiny\" href=\"https:\/\/www.sanktjohanser.net\/en\/products\/socialbox\/\">View<\/a><a href='https:\/\/www.sanktjohanser.net\/en\/products\/socialbox\/' class='fake_link'>&nbsp;<\/a><\/div><div class='separator'><\/div><\/article><article class='element z-projects '><div class='article_inner'><div class='image'><img loading=\"lazy\" decoding=\"async\" width=\"2479\" height=\"1652\" src=\"https:\/\/www.sanktjohanser.net\/wp-content\/files\/raeume-fuer-einen-kunstsammler\/SJR-a16z_02.jpg\" class=\"attachment-post-thumbnail size-post-thumbnail wp-post-image\" alt=\"\" srcset=\"https:\/\/www.sanktjohanser.net\/wp-content\/files\/raeume-fuer-einen-kunstsammler\/SJR-a16z_02.jpg 2479w, https:\/\/www.sanktjohanser.net\/wp-content\/files\/raeume-fuer-einen-kunstsammler\/SJR-a16z_02-300x200.jpg 300w, https:\/\/www.sanktjohanser.net\/wp-content\/files\/raeume-fuer-einen-kunstsammler\/SJR-a16z_02-1024x682.jpg 1024w, https:\/\/www.sanktjohanser.net\/wp-content\/files\/raeume-fuer-einen-kunstsammler\/SJR-a16z_02-768x512.jpg 768w, https:\/\/www.sanktjohanser.net\/wp-content\/files\/raeume-fuer-einen-kunstsammler\/SJR-a16z_02-1536x1024.jpg 1536w, https:\/\/www.sanktjohanser.net\/wp-content\/files\/raeume-fuer-einen-kunstsammler\/SJR-a16z_02-2048x1365.jpg 2048w\" sizes=\"auto, (max-width: 2479px) 100vw, 2479px\" \/><\/div><h5><a href='https:\/\/www.sanktjohanser.net\/en\/products\/a16z-headquarters\/' class='more'>a16z headquarters<\/a><\/h5><hr\/><p>a16z headquarters, new york city, 2024.<\/p><a class=\"view button tiny\" href=\"https:\/\/www.sanktjohanser.net\/en\/products\/a16z-headquarters\/\">View<\/a><a href='https:\/\/www.sanktjohanser.net\/en\/products\/a16z-headquarters\/' class='fake_link'>&nbsp;<\/a><\/div><div class='separator'><\/div><\/article><\/div><\/div>\n","protected":false},"excerpt":{"rendered":"<p>a16z headquarters, new york city, 2024. architects: lynch eisinger design architects, new york city. excenter, the shelf.<\/p>\n<p>photography: amy barkow.<\/p>","protected":false},"author":1,"featured_media":0,"parent":0,"menu_order":0,"comment_status":"open","ping_status":"closed","template":"","meta":{"footnotes":""},"class_list":["post-852","page","type-page","status-publish","hentry"],"yoast_head":"<!-- This site is optimized with the Yoast SEO plugin v24.7 - https:\/\/yoast.com\/wordpress\/plugins\/seo\/ -->\n<title>SANKTJOHANSER | projects<\/title>\n<meta name=\"robots\" content=\"index, follow, max-snippet:-1, max-image-preview:large, max-video-preview:-1\" \/>\n<link rel=\"canonical\" href=\"https:\/\/www.sanktjohanser.net\/en\/projects\/\" \/>\n<meta property=\"og:locale\" content=\"en_US\" \/>\n<meta property=\"og:type\" content=\"article\" \/>\n<meta property=\"og:title\" content=\"SANKTJOHANSER | projects\" \/>\n<meta property=\"og:description\" content=\"a16z headquarters, new york city, 2024. architects: lynch eisinger design architects, new york city. excenter, the shelf. photography: amy barkow.\" \/>\n<meta property=\"og:url\" content=\"https:\/\/www.sanktjohanser.net\/en\/projects\/\" \/>\n<meta property=\"og:site_name\" content=\"sanktjohanser\" \/>\n<meta property=\"article:modified_time\" content=\"2015-08-19T16:00:30+00:00\" \/>\n<meta name=\"twitter:card\" content=\"summary_large_image\" \/>\n<!-- \/ Yoast SEO plugin. -->","yoast_head_json":{"title":"SANKTJOHANSER | projects","robots":{"index":"index","follow":"follow","max-snippet":"max-snippet:-1","max-image-preview":"max-image-preview:large","max-video-preview":"max-video-preview:-1"},"canonical":"https:\/\/www.sanktjohanser.net\/en\/projects\/","og_locale":"en_US","og_type":"article","og_title":"SANKTJOHANSER | projects","og_description":"a16z headquarters, new york city, 2024. architects: lynch eisinger design architects, new york city. excenter, the shelf. photography: amy barkow.","og_url":"https:\/\/www.sanktjohanser.net\/en\/projects\/","og_site_name":"sanktjohanser","article_modified_time":"2015-08-19T16:00:30+00:00","twitter_card":"summary_large_image","schema":{"@context":"https:\/\/schema.org","@graph":[{"@type":"WebPage","@id":"https:\/\/www.sanktjohanser.net\/en\/projects\/","url":"https:\/\/www.sanktjohanser.net\/en\/projects\/","name":"SANKTJOHANSER | projects","isPartOf":{"@id":"https:\/\/www.sanktjohanser.net\/en\/#website"},"datePublished":"2015-08-19T15:57:52+00:00","dateModified":"2015-08-19T16:00:30+00:00","breadcrumb":{"@id":"https:\/\/www.sanktjohanser.net\/en\/projects\/#breadcrumb"},"inLanguage":"en-US","potentialAction":[{"@type":"ReadAction","target":["https:\/\/www.sanktjohanser.net\/en\/projects\/"]}]},{"@type":"BreadcrumbList","@id":"https:\/\/www.sanktjohanser.net\/en\/projects\/#breadcrumb","itemListElement":[{"@type":"ListItem","position":1,"name":"Home","item":"https:\/\/www.sanktjohanser.net\/en\/"},{"@type":"ListItem","position":2,"name":"projects"}]},{"@type":"WebSite","@id":"https:\/\/www.sanktjohanser.net\/en\/#website","url":"https:\/\/www.sanktjohanser.net\/en\/","name":"sanktjohanser","description":"2020","publisher":{"@id":"https:\/\/www.sanktjohanser.net\/en\/#organization"},"potentialAction":[{"@type":"SearchAction","target":{"@type":"EntryPoint","urlTemplate":"https:\/\/www.sanktjohanser.net\/en\/?s={search_term_string}"},"query-input":{"@type":"PropertyValueSpecification","valueRequired":true,"valueName":"search_term_string"}}],"inLanguage":"en-US"},{"@type":"Organization","@id":"https:\/\/www.sanktjohanser.net\/en\/#organization","name":"Sanktjohanser Hubert und Matthias GbR","url":"https:\/\/www.sanktjohanser.net\/en\/","logo":{"@type":"ImageObject","inLanguage":"en-US","@id":"https:\/\/www.sanktjohanser.net\/en\/#\/schema\/logo\/image\/","url":"https:\/\/www.sanktjohanser.net\/wp-content\/files\/sanktjohanser_schriftzug.svg","contentUrl":"https:\/\/www.sanktjohanser.net\/wp-content\/files\/sanktjohanser_schriftzug.svg","width":1,"height":1,"caption":"Sanktjohanser Hubert und Matthias GbR"},"image":{"@id":"https:\/\/www.sanktjohanser.net\/en\/#\/schema\/logo\/image\/"},"sameAs":["https:\/\/www.instagram.com\/kollektion_sanktjohanser\/"]}]}},"_links":{"self":[{"href":"https:\/\/www.sanktjohanser.net\/en\/wp-json\/wp\/v2\/pages\/852","targetHints":{"allow":["GET"]}}],"collection":[{"href":"https:\/\/www.sanktjohanser.net\/en\/wp-json\/wp\/v2\/pages"}],"about":[{"href":"https:\/\/www.sanktjohanser.net\/en\/wp-json\/wp\/v2\/types\/page"}],"author":[{"embeddable":true,"href":"https:\/\/www.sanktjohanser.net\/en\/wp-json\/wp\/v2\/users\/1"}],"replies":[{"embeddable":true,"href":"https:\/\/www.sanktjohanser.net\/en\/wp-json\/wp\/v2\/comments?post=852"}],"version-history":[{"count":0,"href":"https:\/\/www.sanktjohanser.net\/en\/wp-json\/wp\/v2\/pages\/852\/revisions"}],"wp:attachment":[{"href":"https:\/\/www.sanktjohanser.net\/en\/wp-json\/wp\/v2\/media?parent=852"}],"curies":[{"name":"wp","href":"https:\/\/api.w.org\/{rel}","templated":true}]}}