{"id":854,"date":"2015-08-19T16:59:02","date_gmt":"2015-08-19T15:59:02","guid":{"rendered":"http:\/\/www.sanktjohanser.eu\/?page_id=854"},"modified":"2015-08-19T16:59:41","modified_gmt":"2015-08-19T15:59:41","slug":"shelves","status":"publish","type":"page","link":"https:\/\/www.sanktjohanser.net\/en\/shelves\/","title":{"rendered":"shelves"},"content":{"rendered":"<div class='portfolio_outer'><div class='portfolio_holder portfolio_holder_v3'><article class='element f-cupboards d-shelves '><div class='article_inner'><div class='image'><img loading=\"lazy\" decoding=\"async\" width=\"620\" height=\"413\" src=\"https:\/\/www.sanktjohanser.net\/wp-content\/files\/metrum\/metrum.jpg\" class=\"attachment-post-thumbnail size-post-thumbnail wp-post-image\" alt=\"\" srcset=\"https:\/\/www.sanktjohanser.net\/wp-content\/files\/metrum\/metrum.jpg 620w, https:\/\/www.sanktjohanser.net\/wp-content\/files\/metrum\/metrum-300x200.jpg 300w\" sizes=\"auto, (max-width: 620px) 100vw, 620px\" \/><\/div><h5><a href='https:\/\/www.sanktjohanser.net\/en\/products\/metrum\/' class='more'>metrum<\/a><\/h5><hr\/><p>modular cupboard and storage furniture system made to measure material thickness uniform 12mm. optionally as a room divider and with front or side open compartments. slim side panels with recessed handles give rhythm to the fronts and define the restrained appearance. the interior layout can be freely planned. revolving doors, clothes rails, drawers and variable compartments can be planned individually. sideboard or highboard, single or built-in wardrobe. high-quality fittings enable quick and easy installation.  \nconfigurator<\/p><a class=\"view button tiny\" href=\"https:\/\/www.sanktjohanser.net\/en\/products\/metrum\/\">View<\/a><a href='https:\/\/www.sanktjohanser.net\/en\/products\/metrum\/' class='fake_link'>&nbsp;<\/a><\/div><div class='separator'><\/div><\/article><article class='element d-shelves '><div class='article_inner'><div class='image'><img loading=\"lazy\" decoding=\"async\" width=\"620\" height=\"413\" src=\"https:\/\/www.sanktjohanser.net\/wp-content\/files\/digital\/digital.jpg\" class=\"attachment-post-thumbnail size-post-thumbnail wp-post-image\" alt=\"digital\" srcset=\"https:\/\/www.sanktjohanser.net\/wp-content\/files\/digital\/digital.jpg 620w, https:\/\/www.sanktjohanser.net\/wp-content\/files\/digital\/digital-300x200.jpg 300w\" sizes=\"auto, (max-width: 620px) 100vw, 620px\" \/><\/div><h5><a href='https:\/\/www.sanktjohanser.net\/en\/products\/digital\/' class='more'>digital<\/a><\/h5><hr\/><p>entlehnt aus digital \u201eziffernd betreffend\u201c. zu digit \u201eziffer\u201c aus l. digitus \u201efinger (zum z\u00e4hlen)\u201c. die darstellung der welt durch zahlen ist seit altersher mit der suche nach erkenntnis verbunden. abstraktion w\u00fcnscht sich meist klarheit, wie ein regal, das nur aus linien besteht. <\/p><a class=\"view button tiny\" href=\"https:\/\/www.sanktjohanser.net\/en\/products\/digital\/\">View<\/a><a href='https:\/\/www.sanktjohanser.net\/en\/products\/digital\/' class='fake_link'>&nbsp;<\/a><\/div><div class='separator'><\/div><\/article><article class='element d-shelves '><div class='article_inner'><div class='image'><img loading=\"lazy\" decoding=\"async\" width=\"620\" height=\"413\" src=\"https:\/\/www.sanktjohanser.net\/wp-content\/files\/tektur\/tektur.jpg\" class=\"attachment-post-thumbnail size-post-thumbnail wp-post-image\" alt=\"\" srcset=\"https:\/\/www.sanktjohanser.net\/wp-content\/files\/tektur\/tektur.jpg 620w, https:\/\/www.sanktjohanser.net\/wp-content\/files\/tektur\/tektur-300x200.jpg 300w\" sizes=\"auto, (max-width: 620px) 100vw, 620px\" \/><\/div><h5><a href='https:\/\/www.sanktjohanser.net\/en\/products\/tektur\/' class='more'>tektur<\/a><\/h5><hr\/><p>\u03c4\u03ad\u03ba\u03c4\u03c9\u03bd [t\u00e9kton] (gr.) baumeister, zimmerman. am meisten gebr\u00e4uchlich als teil des zusammen-gesetzten wortes archi-tektur. tektur bedeutet in der architektur eine anpassung\/\u00fcberarbeitung der planung. das regalsystem tektur erm\u00f6glicht gleichm\u00e4ssige achsma\u00dfe in jeder regalbreite.<\/p><a class=\"view button tiny\" href=\"https:\/\/www.sanktjohanser.net\/en\/products\/tektur\/\">View<\/a><a href='https:\/\/www.sanktjohanser.net\/en\/products\/tektur\/' class='fake_link'>&nbsp;<\/a><\/div><div class='separator'><\/div><\/article><article class='element d-shelves '><div class='article_inner'><div class='image'><img loading=\"lazy\" decoding=\"async\" width=\"620\" height=\"413\" src=\"https:\/\/www.sanktjohanser.net\/wp-content\/files\/analog\/analog.jpg\" class=\"attachment-post-thumbnail size-post-thumbnail wp-post-image\" alt=\"\" srcset=\"https:\/\/www.sanktjohanser.net\/wp-content\/files\/analog\/analog.jpg 620w, https:\/\/www.sanktjohanser.net\/wp-content\/files\/analog\/analog-300x200.jpg 300w\" sizes=\"auto, (max-width: 620px) 100vw, 620px\" \/><\/div><h5><a href='https:\/\/www.sanktjohanser.net\/en\/products\/analog\/' class='more'>analog<\/a><\/h5><hr\/><p>entlehnt aus dem l. analogia, dieses vom gr. analogia: \u00e4hnlich, sinngem\u00e4ss anwendbar; aus gr. ana (zur\u00fcck) und logos (mass, vernunft). oft denken wir an: otl aicher, digital und analog.<\/p><a class=\"view button tiny\" href=\"https:\/\/www.sanktjohanser.net\/en\/products\/analog\/\">View<\/a><a href='https:\/\/www.sanktjohanser.net\/en\/products\/analog\/' class='fake_link'>&nbsp;<\/a><\/div><div class='separator'><\/div><\/article><article class='element f-cupboards d-shelves umlaute-en '><div class='article_inner'><div class='image'><img loading=\"lazy\" decoding=\"async\" width=\"620\" height=\"413\" src=\"https:\/\/www.sanktjohanser.net\/wp-content\/files\/dasregal\/dasregal.jpg\" class=\"attachment-post-thumbnail size-post-thumbnail wp-post-image\" alt=\"\" srcset=\"https:\/\/www.sanktjohanser.net\/wp-content\/files\/dasregal\/dasregal.jpg 620w, https:\/\/www.sanktjohanser.net\/wp-content\/files\/dasregal\/dasregal-300x200.jpg 300w\" sizes=\"auto, (max-width: 620px) 100vw, 620px\" \/><\/div><h5><a href='https:\/\/www.sanktjohanser.net\/en\/products\/dasregal\/' class='more'>dasregal<\/a><\/h5><hr\/><p>kunstwort, steht f\u00fcr den gedanken an ein archetypisches m\u00f6bel: das einfache regal. hori-zontale und vertikale fl\u00e4chen aneinander gef\u00fcgt. selbstverst\u00e4ndliche existenz. ohne parasit\u00e4re form.<\/p><a class=\"view button tiny\" href=\"https:\/\/www.sanktjohanser.net\/en\/products\/dasregal\/\">View<\/a><a href='https:\/\/www.sanktjohanser.net\/en\/products\/dasregal\/' class='fake_link'>&nbsp;<\/a><\/div><div class='separator'><\/div><\/article><article class='element c-seating-furniture d-shelves b-sidetables '><div class='article_inner'><div class='image'><img loading=\"lazy\" decoding=\"async\" width=\"1024\" height=\"819\" src=\"https:\/\/www.sanktjohanser.net\/wp-content\/files\/social_cube-2.jpg\" class=\"attachment-post-thumbnail size-post-thumbnail wp-post-image\" alt=\"\" srcset=\"https:\/\/www.sanktjohanser.net\/wp-content\/files\/social_cube-2.jpg 1024w, https:\/\/www.sanktjohanser.net\/wp-content\/files\/social_cube-2-300x240.jpg 300w\" sizes=\"auto, (max-width: 1024px) 100vw, 1024px\" \/><\/div><h5><a href='https:\/\/www.sanktjohanser.net\/en\/products\/social-cube\/' class='more'>social cube<\/a><\/h5><hr\/><p>kunstwort. verschiedene aber doch \u00e4hnliche k\u00f6rper haben einen gemeinsamen auftritt. wie ein mehrstimmiger vocalgesang. das ganze ist mehr als die summe der einzelteile\/stimmen. siehe auch -> buena vista social club.<\/p><a class=\"view button tiny\" href=\"https:\/\/www.sanktjohanser.net\/en\/products\/social-cube\/\">View<\/a><a href='https:\/\/www.sanktjohanser.net\/en\/products\/social-cube\/' class='fake_link'>&nbsp;<\/a><\/div><div class='separator'><\/div><\/article><article class='element c-seating-furniture d-shelves b-sidetables '><div class='article_inner'><div class='image'><img loading=\"lazy\" decoding=\"async\" width=\"620\" height=\"413\" src=\"https:\/\/www.sanktjohanser.net\/wp-content\/files\/basic\/basic-1-1.jpg\" class=\"attachment-post-thumbnail size-post-thumbnail wp-post-image\" alt=\"\" srcset=\"https:\/\/www.sanktjohanser.net\/wp-content\/files\/basic\/basic-1-1.jpg 620w, https:\/\/www.sanktjohanser.net\/wp-content\/files\/basic\/basic-1-1-300x200.jpg 300w\" sizes=\"auto, (max-width: 620px) 100vw, 620px\" \/><\/div><h5><a href='https:\/\/www.sanktjohanser.net\/en\/products\/basic\/' class='more'>basic<\/a><\/h5><hr\/><p>universal furniture.  multiplex white or black, multiplex oak and solid oak. basic can be used in a variety of ways and changes its functions as the user&#8217;s requirements change. coffee table, coat rack, bench, storage table, stacking or wall shelf. basic consists of four different modular elements that can be combined to form a volume. basic s, m, l and t. basic is simply stacked as a shelf and allows a wide variety of arrangements. basic s, m and l are equipped with an option for wall mounting and a shelf.  <\/p><a class=\"view button tiny\" href=\"https:\/\/www.sanktjohanser.net\/en\/products\/basic\/\">View<\/a><a href='https:\/\/www.sanktjohanser.net\/en\/products\/basic\/' class='fake_link'>&nbsp;<\/a><\/div><div class='separator'><\/div><\/article><article class='element d-shelves '><div class='article_inner'><div class='image'><img loading=\"lazy\" decoding=\"async\" width=\"620\" height=\"413\" src=\"https:\/\/www.sanktjohanser.net\/wp-content\/files\/linux\/linux.jpg\" class=\"attachment-post-thumbnail size-post-thumbnail wp-post-image\" alt=\"\" srcset=\"https:\/\/www.sanktjohanser.net\/wp-content\/files\/linux\/linux.jpg 620w, https:\/\/www.sanktjohanser.net\/wp-content\/files\/linux\/linux-300x200.jpg 300w\" sizes=\"auto, (max-width: 620px) 100vw, 620px\" \/><\/div><h5><a href='https:\/\/www.sanktjohanser.net\/en\/products\/linux\/' class='more'>linux<\/a><\/h5><hr\/><p>bez. f\u00fcr ein offenes betriebssystem. geht zur\u00fcck auf den finnen linus torwalds. linux wird weltweit von den nutzern parallel und individuell weiterentwickelt und steht damit f\u00fcr die idee einer kooperativ vernetzten und zukunftsf\u00e4higen welt. \r\n<\/p><a class=\"view button tiny\" href=\"https:\/\/www.sanktjohanser.net\/en\/products\/linux\/\">View<\/a><a href='https:\/\/www.sanktjohanser.net\/en\/products\/linux\/' class='fake_link'>&nbsp;<\/a><\/div><div class='separator'><\/div><\/article><\/div><\/div>\n","protected":false},"excerpt":{"rendered":"<p><b>regal- und sideboardm\u00f6bel<\/b>. kompaktwerkstoff schwarz oder weiss, aluminium. linux ist ein serielles unikat. anordnung und durchmesser der rundstangen werden nach dem zufallsprinzip bestimmt und sind damit bei jedem exemplar unterschiedlich. linux ist in 6 h\u00f6hen und 7 breiten erh\u00e4ltlich.<\/p>\n<p><a class=\"fancybox-swf\" href=\"https:\/\/www.sanktjohanser.net\/wp-content\/files\/sanktjohanser_pi_linux.swf\">konfigurator<\/a><\/p>","protected":false},"author":1,"featured_media":0,"parent":0,"menu_order":0,"comment_status":"open","ping_status":"closed","template":"","meta":{"footnotes":""},"class_list":["post-854","page","type-page","status-publish","hentry"],"yoast_head":"<!-- This site is optimized with the Yoast SEO plugin v24.7 - https:\/\/yoast.com\/wordpress\/plugins\/seo\/ -->\n<title>SANKTJOHANSER | shelves<\/title>\n<meta name=\"robots\" content=\"index, follow, max-snippet:-1, max-image-preview:large, max-video-preview:-1\" \/>\n<link rel=\"canonical\" href=\"https:\/\/www.sanktjohanser.net\/en\/shelves\/\" \/>\n<meta property=\"og:locale\" content=\"en_US\" \/>\n<meta property=\"og:type\" content=\"article\" \/>\n<meta property=\"og:title\" content=\"SANKTJOHANSER | shelves\" \/>\n<meta property=\"og:description\" content=\"regal- und sideboardm\u00f6bel. kompaktwerkstoff schwarz oder weiss, aluminium. linux ist ein serielles unikat. anordnung und durchmesser der rundstangen werden nach dem zufallsprinzip bestimmt und sind damit bei jedem exemplar unterschiedlich. linux ist in 6 h\u00f6hen und 7 breiten erh\u00e4ltlich. konfigurator\" \/>\n<meta property=\"og:url\" content=\"https:\/\/www.sanktjohanser.net\/en\/shelves\/\" \/>\n<meta property=\"og:site_name\" content=\"sanktjohanser\" \/>\n<meta property=\"article:modified_time\" content=\"2015-08-19T15:59:41+00:00\" \/>\n<meta name=\"twitter:card\" content=\"summary_large_image\" \/>\n<!-- \/ Yoast SEO plugin. -->","yoast_head_json":{"title":"SANKTJOHANSER | shelves","robots":{"index":"index","follow":"follow","max-snippet":"max-snippet:-1","max-image-preview":"max-image-preview:large","max-video-preview":"max-video-preview:-1"},"canonical":"https:\/\/www.sanktjohanser.net\/en\/shelves\/","og_locale":"en_US","og_type":"article","og_title":"SANKTJOHANSER | shelves","og_description":"regal- und sideboardm\u00f6bel. kompaktwerkstoff schwarz oder weiss, aluminium. linux ist ein serielles unikat. anordnung und durchmesser der rundstangen werden nach dem zufallsprinzip bestimmt und sind damit bei jedem exemplar unterschiedlich. linux ist in 6 h\u00f6hen und 7 breiten erh\u00e4ltlich. konfigurator","og_url":"https:\/\/www.sanktjohanser.net\/en\/shelves\/","og_site_name":"sanktjohanser","article_modified_time":"2015-08-19T15:59:41+00:00","twitter_card":"summary_large_image","schema":{"@context":"https:\/\/schema.org","@graph":[{"@type":"WebPage","@id":"https:\/\/www.sanktjohanser.net\/en\/shelves\/","url":"https:\/\/www.sanktjohanser.net\/en\/shelves\/","name":"SANKTJOHANSER | shelves","isPartOf":{"@id":"https:\/\/www.sanktjohanser.net\/en\/#website"},"datePublished":"2015-08-19T15:59:02+00:00","dateModified":"2015-08-19T15:59:41+00:00","breadcrumb":{"@id":"https:\/\/www.sanktjohanser.net\/en\/shelves\/#breadcrumb"},"inLanguage":"en-US","potentialAction":[{"@type":"ReadAction","target":["https:\/\/www.sanktjohanser.net\/en\/shelves\/"]}]},{"@type":"BreadcrumbList","@id":"https:\/\/www.sanktjohanser.net\/en\/shelves\/#breadcrumb","itemListElement":[{"@type":"ListItem","position":1,"name":"Home","item":"https:\/\/www.sanktjohanser.net\/en\/"},{"@type":"ListItem","position":2,"name":"shelves"}]},{"@type":"WebSite","@id":"https:\/\/www.sanktjohanser.net\/en\/#website","url":"https:\/\/www.sanktjohanser.net\/en\/","name":"sanktjohanser","description":"2020","publisher":{"@id":"https:\/\/www.sanktjohanser.net\/en\/#organization"},"potentialAction":[{"@type":"SearchAction","target":{"@type":"EntryPoint","urlTemplate":"https:\/\/www.sanktjohanser.net\/en\/?s={search_term_string}"},"query-input":{"@type":"PropertyValueSpecification","valueRequired":true,"valueName":"search_term_string"}}],"inLanguage":"en-US"},{"@type":"Organization","@id":"https:\/\/www.sanktjohanser.net\/en\/#organization","name":"Sanktjohanser Hubert und Matthias GbR","url":"https:\/\/www.sanktjohanser.net\/en\/","logo":{"@type":"ImageObject","inLanguage":"en-US","@id":"https:\/\/www.sanktjohanser.net\/en\/#\/schema\/logo\/image\/","url":"https:\/\/www.sanktjohanser.net\/wp-content\/files\/sanktjohanser_schriftzug.svg","contentUrl":"https:\/\/www.sanktjohanser.net\/wp-content\/files\/sanktjohanser_schriftzug.svg","width":1,"height":1,"caption":"Sanktjohanser Hubert und Matthias GbR"},"image":{"@id":"https:\/\/www.sanktjohanser.net\/en\/#\/schema\/logo\/image\/"},"sameAs":["https:\/\/www.instagram.com\/kollektion_sanktjohanser\/"]}]}},"_links":{"self":[{"href":"https:\/\/www.sanktjohanser.net\/en\/wp-json\/wp\/v2\/pages\/854","targetHints":{"allow":["GET"]}}],"collection":[{"href":"https:\/\/www.sanktjohanser.net\/en\/wp-json\/wp\/v2\/pages"}],"about":[{"href":"https:\/\/www.sanktjohanser.net\/en\/wp-json\/wp\/v2\/types\/page"}],"author":[{"embeddable":true,"href":"https:\/\/www.sanktjohanser.net\/en\/wp-json\/wp\/v2\/users\/1"}],"replies":[{"embeddable":true,"href":"https:\/\/www.sanktjohanser.net\/en\/wp-json\/wp\/v2\/comments?post=854"}],"version-history":[{"count":0,"href":"https:\/\/www.sanktjohanser.net\/en\/wp-json\/wp\/v2\/pages\/854\/revisions"}],"wp:attachment":[{"href":"https:\/\/www.sanktjohanser.net\/en\/wp-json\/wp\/v2\/media?parent=854"}],"curies":[{"name":"wp","href":"https:\/\/api.w.org\/{rel}","templated":true}]}}